{"version":"1.0","provider_name":"AVT Verpatec - Ihr Spezialist f\u00fcr innovative und massgeschneiderte Verpackungs- und Transportl\u00f6sungen","provider_url":"https:\/\/verpatec.ch\/fr\/","title":"Syst\u00e8me d'\u00e9clairage mobile, 9730 RALS, noir - AVT Verpatec - Ihr Spezialist f\u00fcr innovative und massgeschneiderte Verpackungs- und Transportl\u00f6sungen","type":"rich","width":600,"height":338,"html":"<blockquote class=\"wp-embedded-content\" data-secret=\"QSxAXR5ffA\"><a href=\"https:\/\/verpatec.ch\/fr\/produit\/systeme-declairage-mobile-9730-rals-noir\/\">Syst\u00e8me d'\u00e9clairage mobile, 9730 RALS,  noir<\/a><\/blockquote><iframe sandbox=\"allow-scripts\" security=\"restricted\" src=\"https:\/\/verpatec.ch\/fr\/produit\/systeme-declairage-mobile-9730-rals-noir\/embed\/#?secret=QSxAXR5ffA\" width=\"600\" height=\"338\" title=\"\u00ab\u00a0Syst\u00e8me d&#039;\u00e9clairage mobile, 9730 RALS,  noir\u00a0\u00bb &#8212; AVT Verpatec - Ihr Spezialist f\u00fcr innovative und massgeschneiderte Verpackungs- und Transportl\u00f6sungen\" data-secret=\"QSxAXR5ffA\" frameborder=\"0\" marginwidth=\"0\" marginheight=\"0\" scrolling=\"no\" class=\"wp-embedded-content\"><\/iframe><script type=\"text\/javascript\">\n\/* <![CDATA[ *\/\n\/*! This file is auto-generated *\/\n!function(d,l){\"use strict\";l.querySelector&&d.addEventListener&&\"undefined\"!=typeof URL&&(d.wp=d.wp||{},d.wp.receiveEmbedMessage||(d.wp.receiveEmbedMessage=function(e){var t=e.data;if((t||t.secret||t.message||t.value)&&!\/[^a-zA-Z0-9]\/.test(t.secret)){for(var s,r,n,a=l.querySelectorAll('iframe[data-secret=\"'+t.secret+'\"]'),o=l.querySelectorAll('blockquote[data-secret=\"'+t.secret+'\"]'),c=new RegExp(\"^https?:$\",\"i\"),i=0;i<o.length;i++)o[i].style.display=\"none\";for(i=0;i<a.length;i++)s=a[i],e.source===s.contentWindow&&(s.removeAttribute(\"style\"),\"height\"===t.message?(1e3<(r=parseInt(t.value,10))?r=1e3:~~r<200&&(r=200),s.height=r):\"link\"===t.message&&(r=new URL(s.getAttribute(\"src\")),n=new URL(t.value),c.test(n.protocol))&&n.host===r.host&&l.activeElement===s&&(d.top.location.href=t.value))}},d.addEventListener(\"message\",d.wp.receiveEmbedMessage,!1),l.addEventListener(\"DOMContentLoaded\",function(){for(var e,t,s=l.querySelectorAll(\"iframe.wp-embedded-content\"),r=0;r<s.length;r++)(t=(e=s[r]).getAttribute(\"data-secret\"))||(t=Math.random().toString(36).substring(2,12),e.src+=\"#?secret=\"+t,e.setAttribute(\"data-secret\",t)),e.contentWindow.postMessage({message:\"ready\",secret:t},\"*\")},!1)))}(window,document);\n\/\/# sourceURL=https:\/\/verpatec.ch\/wp-includes\/js\/wp-embed.min.js\n\/* ]]> *\/\n<\/script>\n","thumbnail_url":"https:\/\/verpatec.ch\/wp-content\/uploads\/peli-rals-9730-led2.jpg","thumbnail_width":800,"thumbnail_height":800,"description":"Le syst\u00e8me d'\u00e9clairage pour zones recul\u00e9es (RALS) 9730 est la derni\u00e8re g\u00e9n\u00e9ration de RALS de Peli, sp\u00e9cialement con\u00e7u pour relever les d\u00e9fis particuliers des missions dans des zones recul\u00e9es. Avec une puissance d'\u00e9clairage robuste de 4 800 lumens, plus de 13 heuresd'autonomie maximale et une conception intuitive, le 9730 RALS augmente l'efficacit\u00e9 sur le terrain et offre une solution d'\u00e9clairage portable puissante et facile \u00e0utiliser. Que vous souhaitiez \u00e9clairer un site d'intervention dans le cadre d'une urgence, mettre en place un poste de commandement temporaire ou assurer un \u00e9clairage suffisant pour les contr\u00f4les visuels, le 9730 RALS garantit un fonctionnement s\u00fbr et fiable, m\u00eame dans les conditions les plus diverses et les plus exigeantes.-Lumi\u00e8re fiable et puissante jusqu'\u00e0 4 800 lumens-Autonomie maximale de 13 heures-T\u00eates d'\u00e9clairage amovibles pour une installation flexible, par exemple sur des tr\u00e9pieds (par exemple 9430TP)- L'\u00e9clairage arri\u00e8re au sol augmente la s\u00e9curit\u00e9 gr\u00e2ce \u00e0 un meilleur \u00e9clairage du sol autour de l'appareil- Certifi\u00e9 IPX4, prot\u00e9g\u00e9 contre les projections d'eau- Indicateur de batterie en temps r\u00e9el- Compact et l\u00e9ger - facile \u00e0 transporter et pr\u00eat \u00e0 l'emploi- Modes d'\u00e9clairage variables : \u00e9lev\u00e9, moyen, faible- Dimensions ferm\u00e9 13,50 x 8,50\" x 8,25 (34,3 x 21,6 x 21 cm)-Poids : 8,41 kgNum\u00e9ro du fabricant : 097300-0000-110E"}